{"id":6460,"date":"2024-03-18T10:43:48","date_gmt":"2024-03-18T10:43:48","guid":{"rendered":"https:\/\/www.gidaperakendecileri.org\/?page_id=6460"},"modified":"2024-11-18T07:58:13","modified_gmt":"2024-11-18T07:58:13","slug":"kongre-2024","status":"publish","type":"page","link":"https:\/\/www.gidaperakendecileri.org\/?page_id=6460","title":{"rendered":"Kongre 2024"},"content":{"rendered":"\t\t<div data-elementor-type=\"wp-post\" data-elementor-id=\"6460\" class=\"elementor elementor-6460\">\n\t\t\t\t\t\t<section class=\"elementor-section elementor-top-section elementor-element elementor-element-72419c1 elementor-section-boxed elementor-section-height-default elementor-section-height-default\" data-id=\"72419c1\" data-element_type=\"section\">\n\t\t\t\t\t\t<div class=\"elementor-container elementor-column-gap-default\">\n\t\t\t\t\t<div class=\"elementor-column elementor-col-100 elementor-top-column elementor-element elementor-element-11e519b\" data-id=\"11e519b\" data-element_type=\"column\">\n\t\t\t<div class=\"elementor-widget-wrap elementor-element-populated\">\n\t\t\t\t\t\t<div class=\"elementor-element elementor-element-6eee5c1 elementor-widget elementor-widget-image\" data-id=\"6eee5c1\" data-element_type=\"widget\" data-widget_type=\"image.default\">\n\t\t\t\t<div class=\"elementor-widget-container\">\n\t\t\t\t\t\t\t\t\t\t\t\t\t\t\t\t<a href=\"https:\/\/digitalnetworkalkas.com\/event\/10-ortak-gelisim-kongresi-gpd\" target=\"_blank\">\n\t\t\t\t\t\t\t<img fetchpriority=\"high\" decoding=\"async\" width=\"1181\" height=\"1385\" src=\"https:\/\/www.gidaperakendecileri.org\/wp-content\/uploads\/2024\/11\/tema-gorseli-2024.jpg\" class=\"attachment-full size-full wp-image-6817\" alt=\"\" srcset=\"https:\/\/www.gidaperakendecileri.org\/wp-content\/uploads\/2024\/11\/tema-gorseli-2024.jpg 1181w, https:\/\/www.gidaperakendecileri.org\/wp-content\/uploads\/2024\/11\/tema-gorseli-2024-256x300.jpg 256w, https:\/\/www.gidaperakendecileri.org\/wp-content\/uploads\/2024\/11\/tema-gorseli-2024-873x1024.jpg 873w, https:\/\/www.gidaperakendecileri.org\/wp-content\/uploads\/2024\/11\/tema-gorseli-2024-768x901.jpg 768w, https:\/\/www.gidaperakendecileri.org\/wp-content\/uploads\/2024\/11\/tema-gorseli-2024-696x816.jpg 696w, https:\/\/www.gidaperakendecileri.org\/wp-content\/uploads\/2024\/11\/tema-gorseli-2024-1068x1252.jpg 1068w, https:\/\/www.gidaperakendecileri.org\/wp-content\/uploads\/2024\/11\/tema-gorseli-2024-358x420.jpg 358w, https:\/\/www.gidaperakendecileri.org\/wp-content\/uploads\/2024\/11\/tema-gorseli-2024-320x375.jpg 320w, https:\/\/www.gidaperakendecileri.org\/wp-content\/uploads\/2024\/11\/tema-gorseli-2024-480x563.jpg 480w, https:\/\/www.gidaperakendecileri.org\/wp-content\/uploads\/2024\/11\/tema-gorseli-2024-800x938.jpg 800w\" sizes=\"(max-width: 1181px) 100vw, 1181px\" \/>\t\t\t\t\t\t\t\t<\/a>\n\t\t\t\t\t\t\t\t\t\t\t\t\t\t\t<\/div>\n\t\t\t\t<\/div>\n\t\t\t\t<div class=\"elementor-element elementor-element-a0e1d7b elementor-widget elementor-widget-text-editor\" data-id=\"a0e1d7b\" data-element_type=\"widget\" data-widget_type=\"text-editor.default\">\n\t\t\t\t<div class=\"elementor-widget-container\">\n\t\t\t\t\t\t\t\t\t<p><span style=\"color: #000000;\"><b>Ortak Geli\u015fim Kongresi, 10. Y\u0131l\u0131nda G\u0131da Sekt\u00f6r\u00fcn\u00fcn T\u00fcm Payda\u015flar\u0131n\u0131 Bulu\u015fturmaya Devam Ediyor<\/b><\/span><\/p><p class=\"p1\">G\u0131da perakendesi ekosistemi, tedarik zincirindeki payda\u015flar\u0131yla beraber \u00fcretimden bili\u015fime, lojistikten finansmana pek \u00e7ok sekt\u00f6rle etkile\u015fim halinde. Bu ekosistemde yarat\u0131lan de\u011fer, katlanarak ve \u00e7o\u011falarak \u00fclke ekonomisine yans\u0131yor. <strong>Perakendenin<\/strong> istihdamda, tar\u0131m\u0131n geli\u015fiminde, \u00fcretimin \u00e7e\u015fitlenmesinde ve ekonominin \u00e7e\u015fitli alanlar\u0131ndaki <strong>\u00e7o\u011faltan etkisini,<\/strong> 10. Ortak Geli\u015fim Kongresi\u2019nde ele alaca\u011f\u0131z.<\/p><p><span style=\"color: #000000;\">G\u0131da Perakendecilerinin ve tedarik\u00e7ilerinin bulu\u015ftu\u011fu 10. Ortak Geli\u015fim Kongresi, <strong>19 Kas\u0131m 2024 <\/strong>Sal\u0131 g\u00fcn\u00fc\u00a0<strong>Wyndham Grand \u0130stanbul Levent<\/strong>\u2019te ve e\u015f zamanl\u0131 olarak <strong>Digital Network Alka\u015f<\/strong>\u2019ta hibrit olarak ger\u00e7ekle\u015ftirilecek.<br \/><\/span><span style=\"color: #000000;\">Ulusal zincir marketler, h\u0131zl\u0131 servis restoranlar\u0131 ve kahve zincirleri,<br \/>Yerel ve b\u00f6lgesel perakendeciler,<br \/>H\u0131zl\u0131 t\u00fcketim mallar\u0131 \u00fcreticileri ve tedarik\u00e7ileri,<br \/>Yerel \u00fcreticiler,<br \/>G\u0131da ve tar\u0131m teknolojileri \u00fcreticileri,<br \/>Lojistik firmalar\u0131,<br \/>Market ve restoran ekipman \u00fcretici ve tedarik\u00e7ileri<br \/>Ve sekt\u00f6r\u00fcn \u00e7\u00f6z\u00fcm ortaklar\u0131 olan t\u00fcm payda\u015flar,<br \/><strong>19 Kas\u0131m 2024 Sal\u0131<\/strong> g\u00fcn\u00fc <strong>Wyndham Grand \u0130stanbul Levent&#8217;te <\/strong>ger\u00e7ekle\u015fecek 10. Ortak Geli\u015fim Kongresi\u2019nde bir araya gelecek.<\/span><\/p>\t\t\t\t\t\t\t\t<\/div>\n\t\t\t\t<\/div>\n\t\t\t\t<div class=\"elementor-element elementor-element-928d622 elementor-widget elementor-widget-button\" data-id=\"928d622\" data-element_type=\"widget\" data-widget_type=\"button.default\">\n\t\t\t\t<div class=\"elementor-widget-container\">\n\t\t\t\t\t\t\t\t\t<div class=\"elementor-button-wrapper\">\n\t\t\t\t\t<a class=\"elementor-button elementor-button-link elementor-size-sm\" href=\"https:\/\/digitalnetworkalkas.com\/event\/10-ortak-gelisim-kongresi-gpd\" target=\"_blank\">\n\t\t\t\t\t\t<span class=\"elementor-button-content-wrapper\">\n\t\t\t\t\t\t\t\t\t<span class=\"elementor-button-text\">Online Etkinli\u011fe Kay\u0131t \u0130\u00e7in T\u0131klay\u0131n\u0131z<\/span>\n\t\t\t\t\t<\/span>\n\t\t\t\t\t<\/a>\n\t\t\t\t<\/div>\n\t\t\t\t\t\t\t\t<\/div>\n\t\t\t\t<\/div>\n\t\t\t\t\t<\/div>\n\t\t<\/div>\n\t\t\t\t\t<\/div>\n\t\t<\/section>\n\t\t\t\t<section class=\"elementor-section elementor-top-section elementor-element elementor-element-735151c elementor-section-boxed elementor-section-height-default elementor-section-height-default\" data-id=\"735151c\" data-element_type=\"section\">\n\t\t\t\t\t\t<div class=\"elementor-container elementor-column-gap-default\">\n\t\t\t\t\t<div class=\"elementor-column elementor-col-100 elementor-top-column elementor-element elementor-element-cfda09c\" data-id=\"cfda09c\" data-element_type=\"column\">\n\t\t\t<div class=\"elementor-widget-wrap elementor-element-populated\">\n\t\t\t\t\t\t<div class=\"elementor-element elementor-element-0bef444 elementor-widget elementor-widget-text-editor\" data-id=\"0bef444\" data-element_type=\"widget\" data-widget_type=\"text-editor.default\">\n\t\t\t\t<div class=\"elementor-widget-container\">\n\t\t\t\t\t\t\t\t\t<p><em><strong><span style=\"color: #000000;\">Etkinlikte yer alma imkanlar\u0131 ve kat\u0131l\u0131m i\u00e7in ileti\u015fime ge\u00e7iniz:<br \/><\/span><\/strong><\/em><strong><span style=\"color: #000000;\">Egemen Sayra\u00e7<br \/><\/span><\/strong><a href=\"mailto:esayrac@gidaperakendecileri.org\"><span style=\"color: #000000;\">esayrac@gidaperakendecileri.org<\/span><\/a><\/p><p><strong><span style=\"color: #000000;\">Benek Gen\u00e7ero\u011flu<\/span><\/strong><strong><span style=\"color: #000000;\"><br \/><\/span><\/strong><a href=\"mailto:bgenceroglu@gidaperakendecileri.org\"><span style=\"color: #000000;\">bgenceroglu@gidaperakendecileri.org<\/span><\/a><span style=\"color: #000000;\"><br \/>0212 227 85 42-52<\/span><\/p>\t\t\t\t\t\t\t\t<\/div>\n\t\t\t\t<\/div>\n\t\t\t\t\t<\/div>\n\t\t<\/div>\n\t\t\t\t\t<\/div>\n\t\t<\/section>\n\t\t\t\t<section class=\"elementor-section elementor-top-section elementor-element elementor-element-465effe elementor-section-boxed elementor-section-height-default elementor-section-height-default\" data-id=\"465effe\" data-element_type=\"section\">\n\t\t\t\t\t\t<div class=\"elementor-container elementor-column-gap-default\">\n\t\t\t\t\t<div class=\"elementor-column elementor-col-100 elementor-top-column elementor-element elementor-element-29d7685\" data-id=\"29d7685\" data-element_type=\"column\">\n\t\t\t<div class=\"elementor-widget-wrap elementor-element-populated\">\n\t\t\t\t\t\t<div class=\"elementor-element elementor-element-4233c3c elementor-widget elementor-widget-heading\" data-id=\"4233c3c\" data-element_type=\"widget\" data-widget_type=\"heading.default\">\n\t\t\t\t<div class=\"elementor-widget-container\">\n\t\t\t\t\t<h2 class=\"elementor-heading-title elementor-size-default\">KONGRE PROGRAMI<\/h2>\t\t\t\t<\/div>\n\t\t\t\t<\/div>\n\t\t\t\t\t<\/div>\n\t\t<\/div>\n\t\t\t\t\t<\/div>\n\t\t<\/section>\n\t\t\t\t<section class=\"elementor-section elementor-top-section elementor-element elementor-element-69e5ab9 elementor-section-boxed elementor-section-height-default elementor-section-height-default\" data-id=\"69e5ab9\" data-element_type=\"section\">\n\t\t\t\t\t\t<div class=\"elementor-container elementor-column-gap-default\">\n\t\t\t\t\t<div class=\"elementor-column elementor-col-100 elementor-top-column elementor-element elementor-element-d6d8248\" data-id=\"d6d8248\" data-element_type=\"column\">\n\t\t\t<div class=\"elementor-widget-wrap elementor-element-populated\">\n\t\t\t\t\t\t<div class=\"elementor-element elementor-element-a5805e3 elementor-widget elementor-widget-image\" data-id=\"a5805e3\" data-element_type=\"widget\" data-widget_type=\"image.default\">\n\t\t\t\t<div class=\"elementor-widget-container\">\n\t\t\t\t\t\t\t\t\t\t\t\t\t\t\t\t<a href=\"https:\/\/digitalnetworkalkas.com\/event\/10-ortak-gelisim-kongresi-gpd\" target=\"_blank\">\n\t\t\t\t\t\t\t<img decoding=\"async\" width=\"1181\" height=\"2227\" src=\"https:\/\/www.gidaperakendecileri.org\/wp-content\/uploads\/2024\/11\/program_1311-hikaye.jpg\" class=\"attachment-full size-full wp-image-6836\" alt=\"\" srcset=\"https:\/\/www.gidaperakendecileri.org\/wp-content\/uploads\/2024\/11\/program_1311-hikaye.jpg 1181w, https:\/\/www.gidaperakendecileri.org\/wp-content\/uploads\/2024\/11\/program_1311-hikaye-159x300.jpg 159w, https:\/\/www.gidaperakendecileri.org\/wp-content\/uploads\/2024\/11\/program_1311-hikaye-543x1024.jpg 543w, https:\/\/www.gidaperakendecileri.org\/wp-content\/uploads\/2024\/11\/program_1311-hikaye-768x1448.jpg 768w, https:\/\/www.gidaperakendecileri.org\/wp-content\/uploads\/2024\/11\/program_1311-hikaye-815x1536.jpg 815w, https:\/\/www.gidaperakendecileri.org\/wp-content\/uploads\/2024\/11\/program_1311-hikaye-1086x2048.jpg 1086w, https:\/\/www.gidaperakendecileri.org\/wp-content\/uploads\/2024\/11\/program_1311-hikaye-696x1312.jpg 696w, https:\/\/www.gidaperakendecileri.org\/wp-content\/uploads\/2024\/11\/program_1311-hikaye-1068x2014.jpg 1068w, https:\/\/www.gidaperakendecileri.org\/wp-content\/uploads\/2024\/11\/program_1311-hikaye-223x420.jpg 223w, https:\/\/www.gidaperakendecileri.org\/wp-content\/uploads\/2024\/11\/program_1311-hikaye-320x603.jpg 320w, https:\/\/www.gidaperakendecileri.org\/wp-content\/uploads\/2024\/11\/program_1311-hikaye-480x905.jpg 480w, https:\/\/www.gidaperakendecileri.org\/wp-content\/uploads\/2024\/11\/program_1311-hikaye-800x1509.jpg 800w\" sizes=\"(max-width: 1181px) 100vw, 1181px\" \/>\t\t\t\t\t\t\t\t<\/a>\n\t\t\t\t\t\t\t\t\t\t\t\t\t\t\t<\/div>\n\t\t\t\t<\/div>\n\t\t\t\t\t<\/div>\n\t\t<\/div>\n\t\t\t\t\t<\/div>\n\t\t<\/section>\n\t\t\t\t<\/div>\n\t\t","protected":false},"excerpt":{"rendered":"<p>Ortak Geli\u015fim Kongresi, 10. Y\u0131l\u0131nda G\u0131da Sekt\u00f6r\u00fcn\u00fcn T\u00fcm Payda\u015flar\u0131n\u0131 Bulu\u015fturmaya Devam Ediyor G\u0131da perakendesi ekosistemi, tedarik zincirindeki payda\u015flar\u0131yla beraber \u00fcretimden bili\u015fime, lojistikten finansmana pek \u00e7ok sekt\u00f6rle etkile\u015fim halinde. Bu ekosistemde yarat\u0131lan de\u011fer, katlanarak ve \u00e7o\u011falarak \u00fclke ekonomisine yans\u0131yor. Perakendenin istihdamda, tar\u0131m\u0131n geli\u015fiminde, \u00fcretimin \u00e7e\u015fitlenmesinde ve ekonominin \u00e7e\u015fitli alanlar\u0131ndaki \u00e7o\u011faltan etkisini, 10. Ortak Geli\u015fim Kongresi\u2019nde ele [&hellip;]<\/p>\n","protected":false},"author":2,"featured_media":0,"parent":0,"menu_order":0,"comment_status":"closed","ping_status":"closed","template":"","meta":{"_monsterinsights_skip_tracking":false,"_monsterinsights_sitenote_active":false,"_monsterinsights_sitenote_note":"","_monsterinsights_sitenote_category":0,"footnotes":""},"class_list":["post-6460","page","type-page","status-publish"],"featured_image_src":null,"yoast_head":"<!-- This site is optimized with the Yoast SEO plugin v26.7 - https:\/\/yoast.com\/wordpress\/plugins\/seo\/ -->\n<title>Kongre 2024 - GPD<\/title>\n<meta name=\"description\" content=\"Ortak Geli\u015fim Kongresi bu y\u0131l, 10 Ekim\u2019de Wyndham Grand \u0130stanbul Levent\u2019te ve e\u015f zamanl\u0131 olarak Digital Network Alka\u015f\u2019ta hibrit olarak ger\u00e7ekle\u015ftirilecek.\" \/>\n<meta name=\"robots\" content=\"index, follow, max-snippet:-1, max-image-preview:large, max-video-preview:-1\" \/>\n<link rel=\"canonical\" href=\"https:\/\/www.gidaperakendecileri.org\/?page_id=6460\" \/>\n<meta property=\"og:locale\" content=\"en_US\" \/>\n<meta property=\"og:type\" content=\"article\" \/>\n<meta property=\"og:title\" content=\"Kongre 2024 - GPD\" \/>\n<meta property=\"og:description\" content=\"Ortak Geli\u015fim Kongresi bu y\u0131l, 10 Ekim\u2019de Wyndham Grand \u0130stanbul Levent\u2019te ve e\u015f zamanl\u0131 olarak Digital Network Alka\u015f\u2019ta hibrit olarak ger\u00e7ekle\u015ftirilecek.\" \/>\n<meta property=\"og:url\" content=\"https:\/\/www.gidaperakendecileri.org\/?page_id=6460\" \/>\n<meta property=\"og:site_name\" content=\"GPD\" \/>\n<meta property=\"article:modified_time\" content=\"2024-11-18T07:58:13+00:00\" \/>\n<meta property=\"og:image\" content=\"https:\/\/www.gidaperakendecileri.org\/wp-content\/uploads\/2024\/11\/tema-gorseli-2024.jpg\" \/>\n<meta name=\"twitter:card\" content=\"summary_large_image\" \/>\n<meta name=\"twitter:label1\" content=\"Est. reading time\" \/>\n\t<meta name=\"twitter:data1\" content=\"2 minutes\" \/>\n<script type=\"application\/ld+json\" class=\"yoast-schema-graph\">{\"@context\":\"https:\/\/schema.org\",\"@graph\":[{\"@type\":\"WebPage\",\"@id\":\"https:\/\/www.gidaperakendecileri.org\/?page_id=6460\",\"url\":\"https:\/\/www.gidaperakendecileri.org\/?page_id=6460\",\"name\":\"Kongre 2024 - GPD\",\"isPartOf\":{\"@id\":\"https:\/\/www.gidaperakendecileri.org\/#website\"},\"primaryImageOfPage\":{\"@id\":\"https:\/\/www.gidaperakendecileri.org\/?page_id=6460#primaryimage\"},\"image\":{\"@id\":\"https:\/\/www.gidaperakendecileri.org\/?page_id=6460#primaryimage\"},\"thumbnailUrl\":\"https:\/\/www.gidaperakendecileri.org\/wp-content\/uploads\/2024\/11\/tema-gorseli-2024.jpg\",\"datePublished\":\"2024-03-18T10:43:48+00:00\",\"dateModified\":\"2024-11-18T07:58:13+00:00\",\"description\":\"Ortak Geli\u015fim Kongresi bu y\u0131l, 10 Ekim\u2019de Wyndham Grand \u0130stanbul Levent\u2019te ve e\u015f zamanl\u0131 olarak Digital Network Alka\u015f\u2019ta hibrit olarak ger\u00e7ekle\u015ftirilecek.\",\"breadcrumb\":{\"@id\":\"https:\/\/www.gidaperakendecileri.org\/?page_id=6460#breadcrumb\"},\"inLanguage\":\"en-US\",\"potentialAction\":[{\"@type\":\"ReadAction\",\"target\":[\"https:\/\/www.gidaperakendecileri.org\/?page_id=6460\"]}]},{\"@type\":\"ImageObject\",\"inLanguage\":\"en-US\",\"@id\":\"https:\/\/www.gidaperakendecileri.org\/?page_id=6460#primaryimage\",\"url\":\"https:\/\/www.gidaperakendecileri.org\/wp-content\/uploads\/2024\/11\/tema-gorseli-2024.jpg\",\"contentUrl\":\"https:\/\/www.gidaperakendecileri.org\/wp-content\/uploads\/2024\/11\/tema-gorseli-2024.jpg\",\"width\":1181,\"height\":1385},{\"@type\":\"BreadcrumbList\",\"@id\":\"https:\/\/www.gidaperakendecileri.org\/?page_id=6460#breadcrumb\",\"itemListElement\":[{\"@type\":\"ListItem\",\"position\":1,\"name\":\"Home\",\"item\":\"https:\/\/www.gidaperakendecileri.org\/\"},{\"@type\":\"ListItem\",\"position\":2,\"name\":\"Kongre 2024\"}]},{\"@type\":\"WebSite\",\"@id\":\"https:\/\/www.gidaperakendecileri.org\/#website\",\"url\":\"https:\/\/www.gidaperakendecileri.org\/\",\"name\":\"GPD\",\"description\":\"G\u0131da Perakendecileri Derne\u011fi\",\"potentialAction\":[{\"@type\":\"SearchAction\",\"target\":{\"@type\":\"EntryPoint\",\"urlTemplate\":\"https:\/\/www.gidaperakendecileri.org\/?s={search_term_string}\"},\"query-input\":{\"@type\":\"PropertyValueSpecification\",\"valueRequired\":true,\"valueName\":\"search_term_string\"}}],\"inLanguage\":\"en-US\"}]}<\/script>\n<!-- \/ Yoast SEO plugin. -->","yoast_head_json":{"title":"Kongre 2024 - GPD","description":"Ortak Geli\u015fim Kongresi bu y\u0131l, 10 Ekim\u2019de Wyndham Grand \u0130stanbul Levent\u2019te ve e\u015f zamanl\u0131 olarak Digital Network Alka\u015f\u2019ta hibrit olarak ger\u00e7ekle\u015ftirilecek.","robots":{"index":"index","follow":"follow","max-snippet":"max-snippet:-1","max-image-preview":"max-image-preview:large","max-video-preview":"max-video-preview:-1"},"canonical":"https:\/\/www.gidaperakendecileri.org\/?page_id=6460","og_locale":"en_US","og_type":"article","og_title":"Kongre 2024 - GPD","og_description":"Ortak Geli\u015fim Kongresi bu y\u0131l, 10 Ekim\u2019de Wyndham Grand \u0130stanbul Levent\u2019te ve e\u015f zamanl\u0131 olarak Digital Network Alka\u015f\u2019ta hibrit olarak ger\u00e7ekle\u015ftirilecek.","og_url":"https:\/\/www.gidaperakendecileri.org\/?page_id=6460","og_site_name":"GPD","article_modified_time":"2024-11-18T07:58:13+00:00","og_image":[{"url":"https:\/\/www.gidaperakendecileri.org\/wp-content\/uploads\/2024\/11\/tema-gorseli-2024.jpg","type":"","width":"","height":""}],"twitter_card":"summary_large_image","twitter_misc":{"Est. reading time":"2 minutes"},"schema":{"@context":"https:\/\/schema.org","@graph":[{"@type":"WebPage","@id":"https:\/\/www.gidaperakendecileri.org\/?page_id=6460","url":"https:\/\/www.gidaperakendecileri.org\/?page_id=6460","name":"Kongre 2024 - GPD","isPartOf":{"@id":"https:\/\/www.gidaperakendecileri.org\/#website"},"primaryImageOfPage":{"@id":"https:\/\/www.gidaperakendecileri.org\/?page_id=6460#primaryimage"},"image":{"@id":"https:\/\/www.gidaperakendecileri.org\/?page_id=6460#primaryimage"},"thumbnailUrl":"https:\/\/www.gidaperakendecileri.org\/wp-content\/uploads\/2024\/11\/tema-gorseli-2024.jpg","datePublished":"2024-03-18T10:43:48+00:00","dateModified":"2024-11-18T07:58:13+00:00","description":"Ortak Geli\u015fim Kongresi bu y\u0131l, 10 Ekim\u2019de Wyndham Grand \u0130stanbul Levent\u2019te ve e\u015f zamanl\u0131 olarak Digital Network Alka\u015f\u2019ta hibrit olarak ger\u00e7ekle\u015ftirilecek.","breadcrumb":{"@id":"https:\/\/www.gidaperakendecileri.org\/?page_id=6460#breadcrumb"},"inLanguage":"en-US","potentialAction":[{"@type":"ReadAction","target":["https:\/\/www.gidaperakendecileri.org\/?page_id=6460"]}]},{"@type":"ImageObject","inLanguage":"en-US","@id":"https:\/\/www.gidaperakendecileri.org\/?page_id=6460#primaryimage","url":"https:\/\/www.gidaperakendecileri.org\/wp-content\/uploads\/2024\/11\/tema-gorseli-2024.jpg","contentUrl":"https:\/\/www.gidaperakendecileri.org\/wp-content\/uploads\/2024\/11\/tema-gorseli-2024.jpg","width":1181,"height":1385},{"@type":"BreadcrumbList","@id":"https:\/\/www.gidaperakendecileri.org\/?page_id=6460#breadcrumb","itemListElement":[{"@type":"ListItem","position":1,"name":"Home","item":"https:\/\/www.gidaperakendecileri.org\/"},{"@type":"ListItem","position":2,"name":"Kongre 2024"}]},{"@type":"WebSite","@id":"https:\/\/www.gidaperakendecileri.org\/#website","url":"https:\/\/www.gidaperakendecileri.org\/","name":"GPD","description":"G\u0131da Perakendecileri Derne\u011fi","potentialAction":[{"@type":"SearchAction","target":{"@type":"EntryPoint","urlTemplate":"https:\/\/www.gidaperakendecileri.org\/?s={search_term_string}"},"query-input":{"@type":"PropertyValueSpecification","valueRequired":true,"valueName":"search_term_string"}}],"inLanguage":"en-US"}]}},"_links":{"self":[{"href":"https:\/\/www.gidaperakendecileri.org\/index.php?rest_route=\/wp\/v2\/pages\/6460","targetHints":{"allow":["GET"]}}],"collection":[{"href":"https:\/\/www.gidaperakendecileri.org\/index.php?rest_route=\/wp\/v2\/pages"}],"about":[{"href":"https:\/\/www.gidaperakendecileri.org\/index.php?rest_route=\/wp\/v2\/types\/page"}],"author":[{"embeddable":true,"href":"https:\/\/www.gidaperakendecileri.org\/index.php?rest_route=\/wp\/v2\/users\/2"}],"replies":[{"embeddable":true,"href":"https:\/\/www.gidaperakendecileri.org\/index.php?rest_route=%2Fwp%2Fv2%2Fcomments&post=6460"}],"version-history":[{"count":76,"href":"https:\/\/www.gidaperakendecileri.org\/index.php?rest_route=\/wp\/v2\/pages\/6460\/revisions"}],"predecessor-version":[{"id":6839,"href":"https:\/\/www.gidaperakendecileri.org\/index.php?rest_route=\/wp\/v2\/pages\/6460\/revisions\/6839"}],"wp:attachment":[{"href":"https:\/\/www.gidaperakendecileri.org\/index.php?rest_route=%2Fwp%2Fv2%2Fmedia&parent=6460"}],"curies":[{"name":"wp","href":"https:\/\/api.w.org\/{rel}","templated":true}]}}